{"id":566,"date":"2020-05-20T13:57:00","date_gmt":"2020-05-20T11:57:00","guid":{"rendered":"https:\/\/www.nicolasvadot.com\/shop\/?post_type=product&#038;p=566"},"modified":"2025-12-13T22:03:52","modified_gmt":"2025-12-13T21:03:52","slug":"maudit-mardi-tome-1","status":"publish","type":"product","link":"https:\/\/www.nicolasvadot.com\/shop\/produit\/maudit-mardi-tome-1\/","title":{"rendered":"Maudit Mardi! Tome 1"},"content":{"rendered":"<p>Date de parution : ao\u00fbt 2011<br \/>\nDimensions : 32 x 24 cm<br \/>\nNb de pages : 64 pages<\/p>\n","protected":false},"excerpt":{"rendered":"<p>\u00ab\u00a0J\u2019ai appris que j\u2019allais mourir un mardi. Six jours sur sept, je suis indestructible.\u00a0\u00bb<\/p>\n<p>Achille, menuisier de son \u00e9tat, aime s\u2019asseoir sur la plage d\u00e9serte de son \u00eele de Skellington, pour regarder passer les bateaux qui voguent au loin, vers l\u2019aventure. Un soir, alors qu\u2019il s\u2019est assoupi, il constate en se r\u00e9veillant qu\u2019il a \u2013 litt\u00e9ralement \u2013 pris racine, alors qu\u2019une temp\u00eate est sur le point de s\u2019abattre. Il doit donc trouver un moyen de se d\u00e9raciner vite fait s\u2019il ne veut pas p\u00e9rir noy\u00e9. Il est temps pour lui de larguer les amarres et de monter dans ces bateaux qu\u2019il regardait passer au loin\u2026<\/p>\n<p>\u00ab\u00a0Une \u0153uvre tr\u00e8s s\u00e9duisante, explorant avec beaucoup de plaisir les codes de la bande dessin\u00e9e\u00a0\u00bb <em>&#8211; Le Monde<\/em><\/p>\n<p>\u00ab\u00a0Vadot signe l\u2019une des \u0153uvres les plus originales de ces derni\u00e8res ann\u00e9es en bande dessin\u00e9e franco-belge.\u00a0\u00bb &#8211; <em>La Derni\u00e8re heure<\/em><\/p>\n","protected":false},"featured_media":2434,"comment_status":"closed","ping_status":"closed","template":"","meta":{"_monsterinsights_skip_tracking":false,"_monsterinsights_sitenote_active":false,"_monsterinsights_sitenote_note":"","_monsterinsights_sitenote_category":0},"product_brand":[],"product_cat":[17],"product_tag":[],"class_list":{"0":"post-566","1":"product","2":"type-product","3":"status-publish","4":"has-post-thumbnail","6":"product_cat-bandes-dessinees","8":"first","9":"instock","10":"sale","11":"taxable","12":"shipping-taxable","13":"purchasable","14":"product-type-simple"},"_links":{"self":[{"href":"https:\/\/www.nicolasvadot.com\/shop\/wp-json\/wp\/v2\/product\/566","targetHints":{"allow":["GET"]}}],"collection":[{"href":"https:\/\/www.nicolasvadot.com\/shop\/wp-json\/wp\/v2\/product"}],"about":[{"href":"https:\/\/www.nicolasvadot.com\/shop\/wp-json\/wp\/v2\/types\/product"}],"replies":[{"embeddable":true,"href":"https:\/\/www.nicolasvadot.com\/shop\/wp-json\/wp\/v2\/comments?post=566"}],"wp:featuredmedia":[{"embeddable":true,"href":"https:\/\/www.nicolasvadot.com\/shop\/wp-json\/wp\/v2\/media\/2434"}],"wp:attachment":[{"href":"https:\/\/www.nicolasvadot.com\/shop\/wp-json\/wp\/v2\/media?parent=566"}],"wp:term":[{"taxonomy":"product_brand","embeddable":true,"href":"https:\/\/www.nicolasvadot.com\/shop\/wp-json\/wp\/v2\/product_brand?post=566"},{"taxonomy":"product_cat","embeddable":true,"href":"https:\/\/www.nicolasvadot.com\/shop\/wp-json\/wp\/v2\/product_cat?post=566"},{"taxonomy":"product_tag","embeddable":true,"href":"https:\/\/www.nicolasvadot.com\/shop\/wp-json\/wp\/v2\/product_tag?post=566"}],"curies":[{"name":"wp","href":"https:\/\/api.w.org\/{rel}","templated":true}]}}